{"id":355,"date":"2014-04-23T16:14:13","date_gmt":"2014-04-23T16:14:13","guid":{"rendered":"http:\/\/10.1.1.67:8087\/?page_id=355"},"modified":"2025-06-05T11:34:57","modified_gmt":"2025-06-05T10:34:57","slug":"cursos-per-a-nens","status":"publish","type":"page","link":"https:\/\/gerar.net\/ca\/cursos-per-a-nens\/","title":{"rendered":"Cursos per a nens"},"content":{"rendered":"<h4>Aprendre xin\u00e8s jugant<\/h4>\n<p><img loading=\"lazy\" decoding=\"async\" class=\"respo\" src=\"https:\/\/gerar.net\/wp-content\/uploads\/2014\/04\/slider-page-nino.jpg\" alt=\"slider-page-nino\" width=\"700\" height=\"120\" \/><\/p>\n<p>GERAR organitza cursos d&#8217;iniciaci\u00f3 a la lengua i cultura xinesa per nens i nenes. Impulsem als nostres estudiants cap al domini avan\u00e7at del xin\u00e8s, proporcionant una comprensi\u00f3 profunda de la cultura xinesa en un ambient enriquidor i divertit. Inscriu als teus fills en GERAR avui i obre per a ells un m\u00f3n ple de noves oportunitats!<\/p>\n<p><span style=\"line-height: 1.5em;\"><\/p>\n<div class='pricing-table col-3-sidebar'><\/span><\/p>\n<div class='plan'>\n<div class='featured' style='background-color:#787878;'>Junior I<\/div>\n<div class='plan-head'>\n<h3 style='color:#787878;' >Nens amb edats de<\/h3>\n<div class='price' style='color:#787878;' >6 &#8211; 8 anys <span>Inclou preparaci\u00f3 YCT<\/span><\/div>\n<\/div>\n<ul>\n<ul>\n<li>\n<div class=\"row-link\"><a href=\"https:\/\/gerar.net\/wp-content\/uploads\/2014\/04\/junior.pdf\" target=\"_blank\" rel=\"noopener noreferrer\">Veure temari i metodologia<\/a><\/div>\n<\/li>\n<li>\n<div class=\"row1\">Inici: 07-10-2025<br \/>\nFinal: 16-06-2026<\/div>\n<\/li>\n<li>\n<div class=\"row3\">Professor nadiu<\/div>\n<\/li>\n<li>\n<div class=\"row4\">Matr\u00edcula: 65 \u20ac<\/div>\n<\/li>\n<li>\n<div class=\"row5\">Mensualitat: 65 \u20ac<\/div>\n<\/li>\n<li>\n<div class=\"row6\">Material: 65 \u20ac<\/div>\n<\/li>\n<\/ul>\n<div class=\"signup2\">\n<p style=\"margin-bottom: 6px;\">Horari: Martes de 17:45 a 18:45h<\/p>\n<p><a class=\"button\" href=\"https:\/\/gerar.net\/ca\/formulari-inscripcio-junior-i\/\">INSCRIURE&#8217;M<\/a><\/p>\n<\/div>\n<\/ul>\n<div class='signup'><a class='button' href='https:\/\/gerar.net\/producto\/curs-nens-junior-i\/'>MATRICULA&#8217;T<span><\/span><\/a><br \/>\n    \t\t\t\t<a href='xx'><span style='color:#eb1b4e'>M\u00e1s Informaci\u00f3n<\/span><\/a><\/div>\n<\/p><\/div>\n<div class='plan'>\n<div class='featured' style='background-color:#5c5c5c;'>Junior II<\/div>\n<div class='plan-head'>\n<h3 style='color:#5c5c5c;' >Nens amb edats de<\/h3>\n<div class='price' style='color:#5c5c5c;' >8 &#8211; 10 anys <span>Inclou preparaci\u00f3 YCT<\/span><\/div>\n<\/div>\n<ul>\n<ul>\n<li>\n<div class=\"row-link\"><a href=\"https:\/\/gerar.net\/wp-content\/uploads\/2014\/04\/junior.pdf\" target=\"_blank\" rel=\"noopener noreferrer\">Veure temari i metodologia<\/a><\/div>\n<\/li>\n<li>\n<div class=\"row1\">Inici: 07\/10\/2025<br \/>\nFinal: 16-06-2026<\/div>\n<\/li>\n<li>\n<div class=\"row3\">Professor nadiu<\/div>\n<\/li>\n<li>\n<div class=\"row4\">Matr\u00edcula: 65 \u20ac<\/div>\n<\/li>\n<li>\n<div class=\"row5\">Mensualitat: 65 \u20ac<\/div>\n<\/li>\n<li>\n<div class=\"row6\">Material: 65 \u20ac<\/div>\n<\/li>\n<\/ul>\n<div class=\"signup2\">\n<p style=\"margin-bottom: 6px;\">Horari: Dimarts de 17:45 a 18:45h<\/p>\n<p><a class=\"button\" href=\"https:\/\/gerar.net\/ca\/formulari-inscripcio-junior-ii\/\">INSCRIURE&#8217;M<\/a><\/p>\n<\/div>\n<\/ul>\n<div class='signup'><a class='button' href='https:\/\/gerar.net\/producto\/curs-nens-junior-ii\/'>MATRICULA&#8217;T<span><\/span><\/a><br \/>\n    \t\t\t\t<a href='xx'><span style='color:#eb1b4e'>M\u00e1s Informaci\u00f3n<\/span><\/a><\/div>\n<\/p><\/div>\n<div class='plan'>\n<div class='featured' style='background-color:;'>Classes Avan\u00e7ades<\/div>\n<div class='plan-head'>\n<h3 >Inscriu als teus fills ara!<\/h3>\n<div class='price' >Avan\u00e7at <span>Eleva el seu Nivell<\/span><\/div>\n<\/div>\n<ul>\n<p><img loading=\"lazy\" decoding=\"async\" src=\"https:\/\/gerar.net\/wp-content\/uploads\/2025\/06\/academia-chino-sabadell.png\" alt=\"academia chino sabadell\" width=\"200\" height=\"309\" \/><\/p>\n<div class=\"signup2\">\n<p style=\"margin-bottom: 6px;\">Contacta per a m\u00e9s informaci\u00f3<\/p>\n<p><a class=\"button\" href=\"https:\/\/gerar.net\/ca\/contacte\/\">CONTACTE<\/a><\/p>\n<\/div>\n<\/ul><\/div>\n<\/div>\n<div class='clear'><\/div>\n","protected":false},"excerpt":{"rendered":"<p>Aprendre xin\u00e8s jugant GERAR organitza cursos d&#8217;iniciaci\u00f3 a la lengua i cultura xinesa per nens i nenes. Impulsem als nostres estudiants cap al domini avan\u00e7at del xin\u00e8s, proporcionant una comprensi\u00f3 profunda de la cultura xinesa en un ambient enriquidor i divertit. Inscriu als teus fills en GERAR avui i obre [&hellip;]<\/p>\n","protected":false},"author":2,"featured_media":2653,"parent":0,"menu_order":0,"comment_status":"closed","ping_status":"closed","template":"","meta":{"_joinchat":[],"footnotes":""},"class_list":["post-355","page","type-page","status-publish","has-post-thumbnail","hentry"],"yoast_head":"<!-- This site is optimized with the Yoast SEO plugin v25.2 - https:\/\/yoast.com\/wordpress\/plugins\/seo\/ -->\n<title>per a nens a Sabadell - Escola Gerar<\/title>\n<meta name=\"description\" content=\"GERAR organitza cursos d&#039;iniciaci\u00f3 a la llengua i la cultura xineses per a nens i nenes. Inscriu els teus fills a GERAR avui i obre per a ells un m\u00f3n ple de noves oportunitats.\" \/>\n<meta name=\"robots\" content=\"index, follow, max-snippet:-1, max-image-preview:large, max-video-preview:-1\" \/>\n<link rel=\"canonical\" href=\"https:\/\/gerar.net\/ca\/cursos-per-a-nens\/\" \/>\n<meta property=\"og:locale\" content=\"ca_ES\" \/>\n<meta property=\"og:type\" content=\"article\" \/>\n<meta property=\"og:title\" content=\"per a nens a Sabadell - Escola Gerar\" \/>\n<meta property=\"og:description\" content=\"GERAR organitza cursos d&#039;iniciaci\u00f3 a la llengua i la cultura xineses per a nens i nenes. Inscriu els teus fills a GERAR avui i obre per a ells un m\u00f3n ple de noves oportunitats.\" \/>\n<meta property=\"og:url\" content=\"https:\/\/gerar.net\/ca\/cursos-per-a-nens\/\" \/>\n<meta property=\"og:site_name\" content=\"Curs de Xin\u00e8s\" \/>\n<meta property=\"article:publisher\" content=\"https:\/\/www.facebook.com\/escuelagerar\" \/>\n<meta property=\"article:modified_time\" content=\"2025-06-05T10:34:57+00:00\" \/>\n<meta property=\"og:image\" content=\"https:\/\/gerar.net\/wp-content\/uploads\/2025\/06\/aprender-chino-academia-1024x576.png\" \/>\n\t<meta property=\"og:image:width\" content=\"1024\" \/>\n\t<meta property=\"og:image:height\" content=\"576\" \/>\n\t<meta property=\"og:image:type\" content=\"image\/png\" \/>\n<meta name=\"twitter:card\" content=\"summary_large_image\" \/>\n<meta name=\"twitter:site\" content=\"@EscuelaGerar\" \/>\n<meta name=\"twitter:label1\" content=\"Temps estimat de lectura\" \/>\n\t<meta name=\"twitter:data1\" content=\"2 minuts\" \/>\n<script type=\"application\/ld+json\" class=\"yoast-schema-graph\">{\"@context\":\"https:\/\/schema.org\",\"@graph\":[{\"@type\":\"WebPage\",\"@id\":\"https:\/\/gerar.net\/ca\/cursos-per-a-nens\/\",\"url\":\"https:\/\/gerar.net\/ca\/cursos-per-a-nens\/\",\"name\":\"per a nens a Sabadell - Escola Gerar\",\"isPartOf\":{\"@id\":\"https:\/\/gerar.net\/ca\/#website\"},\"primaryImageOfPage\":{\"@id\":\"https:\/\/gerar.net\/ca\/cursos-per-a-nens\/#primaryimage\"},\"image\":{\"@id\":\"https:\/\/gerar.net\/ca\/cursos-per-a-nens\/#primaryimage\"},\"thumbnailUrl\":\"https:\/\/gerar.net\/wp-content\/uploads\/2025\/06\/aprender-chino-academia.png\",\"datePublished\":\"2014-04-23T16:14:13+00:00\",\"dateModified\":\"2025-06-05T10:34:57+00:00\",\"description\":\"GERAR organitza cursos d'iniciaci\u00f3 a la llengua i la cultura xineses per a nens i nenes. Inscriu els teus fills a GERAR avui i obre per a ells un m\u00f3n ple de noves oportunitats.\",\"breadcrumb\":{\"@id\":\"https:\/\/gerar.net\/ca\/cursos-per-a-nens\/#breadcrumb\"},\"inLanguage\":\"ca\",\"potentialAction\":[{\"@type\":\"ReadAction\",\"target\":[\"https:\/\/gerar.net\/ca\/cursos-per-a-nens\/\"]}]},{\"@type\":\"ImageObject\",\"inLanguage\":\"ca\",\"@id\":\"https:\/\/gerar.net\/ca\/cursos-per-a-nens\/#primaryimage\",\"url\":\"https:\/\/gerar.net\/wp-content\/uploads\/2025\/06\/aprender-chino-academia.png\",\"contentUrl\":\"https:\/\/gerar.net\/wp-content\/uploads\/2025\/06\/aprender-chino-academia.png\",\"width\":1920,\"height\":1080},{\"@type\":\"BreadcrumbList\",\"@id\":\"https:\/\/gerar.net\/ca\/cursos-per-a-nens\/#breadcrumb\",\"itemListElement\":[{\"@type\":\"ListItem\",\"position\":1,\"name\":\"Portada\",\"item\":\"https:\/\/gerar.net\/ca\/\"},{\"@type\":\"ListItem\",\"position\":2,\"name\":\"Cursos per a nens\"}]},{\"@type\":\"WebSite\",\"@id\":\"https:\/\/gerar.net\/ca\/#website\",\"url\":\"https:\/\/gerar.net\/ca\/\",\"name\":\"Gerar - Escuela de lengua y cultura China\",\"description\":\"Escola de Xin\u00e8s\",\"publisher\":{\"@id\":\"https:\/\/gerar.net\/ca\/#organization\"},\"alternateName\":\"Gerar\",\"potentialAction\":[{\"@type\":\"SearchAction\",\"target\":{\"@type\":\"EntryPoint\",\"urlTemplate\":\"https:\/\/gerar.net\/ca\/?s={search_term_string}\"},\"query-input\":{\"@type\":\"PropertyValueSpecification\",\"valueRequired\":true,\"valueName\":\"search_term_string\"}}],\"inLanguage\":\"ca\"},{\"@type\":\"Organization\",\"@id\":\"https:\/\/gerar.net\/ca\/#organization\",\"name\":\"Gerar\",\"url\":\"https:\/\/gerar.net\/ca\/\",\"logo\":{\"@type\":\"ImageObject\",\"inLanguage\":\"ca\",\"@id\":\"https:\/\/gerar.net\/ca\/#\/schema\/logo\/image\/\",\"url\":\"https:\/\/gerar.net\/wp-content\/uploads\/2014\/03\/logo_web_2x.jpg\",\"contentUrl\":\"https:\/\/gerar.net\/wp-content\/uploads\/2014\/03\/logo_web_2x.jpg\",\"width\":360,\"height\":162,\"caption\":\"Gerar\"},\"image\":{\"@id\":\"https:\/\/gerar.net\/ca\/#\/schema\/logo\/image\/\"},\"sameAs\":[\"https:\/\/www.facebook.com\/escuelagerar\",\"https:\/\/x.com\/EscuelaGerar\",\"http:\/\/es.linkedin.com\/pub\/weimin-shang-hu\/26\/716\/564\"]}]}<\/script>\n<!-- \/ Yoast SEO plugin. -->","yoast_head_json":{"title":"per a nens a Sabadell - Escola Gerar","description":"GERAR organitza cursos d'iniciaci\u00f3 a la llengua i la cultura xineses per a nens i nenes. Inscriu els teus fills a GERAR avui i obre per a ells un m\u00f3n ple de noves oportunitats.","robots":{"index":"index","follow":"follow","max-snippet":"max-snippet:-1","max-image-preview":"max-image-preview:large","max-video-preview":"max-video-preview:-1"},"canonical":"https:\/\/gerar.net\/ca\/cursos-per-a-nens\/","og_locale":"ca_ES","og_type":"article","og_title":"per a nens a Sabadell - Escola Gerar","og_description":"GERAR organitza cursos d'iniciaci\u00f3 a la llengua i la cultura xineses per a nens i nenes. Inscriu els teus fills a GERAR avui i obre per a ells un m\u00f3n ple de noves oportunitats.","og_url":"https:\/\/gerar.net\/ca\/cursos-per-a-nens\/","og_site_name":"Curs de Xin\u00e8s","article_publisher":"https:\/\/www.facebook.com\/escuelagerar","article_modified_time":"2025-06-05T10:34:57+00:00","og_image":[{"width":1024,"height":576,"url":"https:\/\/gerar.net\/wp-content\/uploads\/2025\/06\/aprender-chino-academia-1024x576.png","type":"image\/png"}],"twitter_card":"summary_large_image","twitter_site":"@EscuelaGerar","twitter_misc":{"Temps estimat de lectura":"2 minuts"},"schema":{"@context":"https:\/\/schema.org","@graph":[{"@type":"WebPage","@id":"https:\/\/gerar.net\/ca\/cursos-per-a-nens\/","url":"https:\/\/gerar.net\/ca\/cursos-per-a-nens\/","name":"per a nens a Sabadell - Escola Gerar","isPartOf":{"@id":"https:\/\/gerar.net\/ca\/#website"},"primaryImageOfPage":{"@id":"https:\/\/gerar.net\/ca\/cursos-per-a-nens\/#primaryimage"},"image":{"@id":"https:\/\/gerar.net\/ca\/cursos-per-a-nens\/#primaryimage"},"thumbnailUrl":"https:\/\/gerar.net\/wp-content\/uploads\/2025\/06\/aprender-chino-academia.png","datePublished":"2014-04-23T16:14:13+00:00","dateModified":"2025-06-05T10:34:57+00:00","description":"GERAR organitza cursos d'iniciaci\u00f3 a la llengua i la cultura xineses per a nens i nenes. Inscriu els teus fills a GERAR avui i obre per a ells un m\u00f3n ple de noves oportunitats.","breadcrumb":{"@id":"https:\/\/gerar.net\/ca\/cursos-per-a-nens\/#breadcrumb"},"inLanguage":"ca","potentialAction":[{"@type":"ReadAction","target":["https:\/\/gerar.net\/ca\/cursos-per-a-nens\/"]}]},{"@type":"ImageObject","inLanguage":"ca","@id":"https:\/\/gerar.net\/ca\/cursos-per-a-nens\/#primaryimage","url":"https:\/\/gerar.net\/wp-content\/uploads\/2025\/06\/aprender-chino-academia.png","contentUrl":"https:\/\/gerar.net\/wp-content\/uploads\/2025\/06\/aprender-chino-academia.png","width":1920,"height":1080},{"@type":"BreadcrumbList","@id":"https:\/\/gerar.net\/ca\/cursos-per-a-nens\/#breadcrumb","itemListElement":[{"@type":"ListItem","position":1,"name":"Portada","item":"https:\/\/gerar.net\/ca\/"},{"@type":"ListItem","position":2,"name":"Cursos per a nens"}]},{"@type":"WebSite","@id":"https:\/\/gerar.net\/ca\/#website","url":"https:\/\/gerar.net\/ca\/","name":"Gerar - Escuela de lengua y cultura China","description":"Escola de Xin\u00e8s","publisher":{"@id":"https:\/\/gerar.net\/ca\/#organization"},"alternateName":"Gerar","potentialAction":[{"@type":"SearchAction","target":{"@type":"EntryPoint","urlTemplate":"https:\/\/gerar.net\/ca\/?s={search_term_string}"},"query-input":{"@type":"PropertyValueSpecification","valueRequired":true,"valueName":"search_term_string"}}],"inLanguage":"ca"},{"@type":"Organization","@id":"https:\/\/gerar.net\/ca\/#organization","name":"Gerar","url":"https:\/\/gerar.net\/ca\/","logo":{"@type":"ImageObject","inLanguage":"ca","@id":"https:\/\/gerar.net\/ca\/#\/schema\/logo\/image\/","url":"https:\/\/gerar.net\/wp-content\/uploads\/2014\/03\/logo_web_2x.jpg","contentUrl":"https:\/\/gerar.net\/wp-content\/uploads\/2014\/03\/logo_web_2x.jpg","width":360,"height":162,"caption":"Gerar"},"image":{"@id":"https:\/\/gerar.net\/ca\/#\/schema\/logo\/image\/"},"sameAs":["https:\/\/www.facebook.com\/escuelagerar","https:\/\/x.com\/EscuelaGerar","http:\/\/es.linkedin.com\/pub\/weimin-shang-hu\/26\/716\/564"]}]}},"_links":{"self":[{"href":"https:\/\/gerar.net\/ca\/wp-json\/wp\/v2\/pages\/355","targetHints":{"allow":["GET"]}}],"collection":[{"href":"https:\/\/gerar.net\/ca\/wp-json\/wp\/v2\/pages"}],"about":[{"href":"https:\/\/gerar.net\/ca\/wp-json\/wp\/v2\/types\/page"}],"author":[{"embeddable":true,"href":"https:\/\/gerar.net\/ca\/wp-json\/wp\/v2\/users\/2"}],"replies":[{"embeddable":true,"href":"https:\/\/gerar.net\/ca\/wp-json\/wp\/v2\/comments?post=355"}],"version-history":[{"count":10,"href":"https:\/\/gerar.net\/ca\/wp-json\/wp\/v2\/pages\/355\/revisions"}],"predecessor-version":[{"id":2657,"href":"https:\/\/gerar.net\/ca\/wp-json\/wp\/v2\/pages\/355\/revisions\/2657"}],"wp:featuredmedia":[{"embeddable":true,"href":"https:\/\/gerar.net\/ca\/wp-json\/wp\/v2\/media\/2653"}],"wp:attachment":[{"href":"https:\/\/gerar.net\/ca\/wp-json\/wp\/v2\/media?parent=355"}],"curies":[{"name":"wp","href":"https:\/\/api.w.org\/{rel}","templated":true}]}}